{"id":272,"date":"2019-08-25T19:29:53","date_gmt":"2019-08-25T17:29:53","guid":{"rendered":"https:\/\/societetpm.com\/?page_id=272"},"modified":"2019-10-27T12:54:29","modified_gmt":"2019-10-27T11:54:29","slug":"developpement-durable","status":"publish","type":"page","link":"https:\/\/societetpm.com\/index.php\/developpement-durable\/","title":{"rendered":"D\u00e9veloppement durable"},"content":{"rendered":"<p><\/p>\n\n\n<p>En janvier 2002, nous avons lanc\u00e9 officiellement notre d\u00e9marche RSE gr\u00e2ce \u00e0 un travail pr\u00e9paratoire r\u00e9alis\u00e9 en amont.<\/p>\n\n\n\n<p>Un audit au printemps qui conclut \u00e0 un niveau d\u2019avancement d\u00e9j\u00e0 valorisant et des perspectives de progr\u00e8s. L\u2019audit a r\u00e9v\u00e9l\u00e9 un niveau de ma\u00eetrise d\u00e9j\u00e0 avanc\u00e9 de TPM dans l\u2019appr\u00e9hension de sa d\u00e9marche RSE.<\/p>\n\n\n\n<figure class=\"wp-block-image\"><img decoding=\"async\" src=\"https:\/\/societetpm.com\/wp-content\/uploads\/2019\/10\/DEV-DURABLE.jpg\" alt=\"\"\/><\/figure>\n\n\n\n<p>L&rsquo;entreprise TPM a d\u00e9velopp\u00e9 au cours des derni\u00e8res ann\u00e9es, diff\u00e9rentes actions dans le cadre d&rsquo;une politique de responsabilit\u00e9 soci\u00e9tale dont les principaux axes sont les suivants :<\/p>\n\n\n\n<ul><li>le respect des droits fondamentaux de la personne de part une d\u00e9marche sociale,<\/li><li>la politique manag\u00e9riale et sociale de l&rsquo;entreprise : accompagner et d\u00e9velopper les comp\u00e9tences professionnelles de chacun par le biais de l&rsquo;insertion professionnelle,<\/li><li>la satisfaction du client par l&rsquo;\u00e9coute de ses besoins, la pertinence des offres \u00e9mises, la qualit\u00e9 technique des r\u00e9alisations correspondantes et la r\u00e9activit\u00e9 de nos \u00e9quipes,<\/li><li>l\u2019am\u00e9lioration continue de l\u2019organisation de l\u2019entreprise et des chantiers, garante d\u2019une rentabilit\u00e9 accrue et d\u2019une diminution r\u00e9guli\u00e8re des nuisances environnementales,<\/li><li>le respect des obligations l\u00e9gales et r\u00e9glementaires en mati\u00e8re de s\u00e9curit\u00e9, de technique et d&rsquo;environnement,<\/li><li>la cr\u00e9ation de conditions de travail favorisant l\u2019implication du personnel,<\/li><li>l&rsquo;engagement de la responsabilit\u00e9 soci\u00e9tale de l&rsquo;entreprise,<\/li><li>l&rsquo;application et la mise en oeuvre du Syst\u00e8me de Management de la Qualit\u00e9 et de l\u2019environnement,<\/li><li>le respect de la r\u00e9glementation en mati\u00e8re de s\u00e9curit\u00e9 et sant\u00e9 au travail,<\/li><li>le respect de la r\u00e9glementation en mati\u00e8re d\u2019environnement (loi sur l\u2019Eau, loi sur l\u2019Air, loi sur le Bruit, loi sur les D\u00e9chets, etc.) ainsi que toutes les sp\u00e9cifications environnementales du march\u00e9,<\/li><li>la diminution des nuisances environnementales du chantier,<\/li><li>la proposition de variantes apportant une plus-value environnementale,<\/li><li>l&rsquo;utilisation de mat\u00e9riaux \u00ab \u00e9cologiques \u00bb et respectueux de l&rsquo;environnement,<\/li><li>la sensibilisation du personnel de T.P.M, les int\u00e9rimaires \u00e9ventuels et le personnel de nos sous-traitants, \u00e0 la prise en compte quotidienne de l\u2019environnement, au respect de la r\u00e9glementation et \u00e0 la diminution des nuisances environnementales du chantier,<\/li><li>la mise en place de moyens n\u00e9cessaires (organisation, personnel, mat\u00e9riel) de mani\u00e8re \u00e0 respecter les dispositions \u00e9crites dans le contrat, le m\u00e9moire technique, le m\u00e9moire environnement et le PPSPS,<\/li><li>l&rsquo;application de la charte interne pour des chantiers \u00e0 faibles nuisances,<\/li><li>l&rsquo;analyse, \u00e0 l&rsquo;occasion de la revue de Direction, du fonctionnement, des r\u00e9sultats et de la pertinence du Syst\u00e8me Qualit\u00e9 et environnement,<\/li><li>la d\u00e9finition des actions d\u2019am\u00e9liorations n\u00e9cessaires et la mise en \u0153uvre des moyens correspondants,<\/li><li>la Communication des actions entreprises et de leur efficacit\u00e9 \u00e0 l\u2019ensemble du personnel.<\/li><\/ul>\n\n\n\n<p>Par ailleurs, TPM s\u2019inscrit, depuis plusieurs ann\u00e9es maintenant, dans une politique globale de d\u00e9veloppement durable, notamment \u00e0 travers un programme suivi de formations tout au long de l\u2019ann\u00e9e ainsi que la promotion en interne des salari\u00e9s.<\/p>\n\n\n<p><\/p>","protected":false},"excerpt":{"rendered":"<p>En janvier 2002, nous avons lanc\u00e9 officiellement notre d\u00e9marche RSE gr\u00e2ce \u00e0 un travail pr\u00e9paratoire r\u00e9alis\u00e9 en amont. Un audit au printemps qui conclut \u00e0 un niveau d\u2019avancement d\u00e9j\u00e0 valorisant [&hellip;]<\/p>\n","protected":false},"author":1,"featured_media":0,"parent":0,"menu_order":0,"comment_status":"closed","ping_status":"closed","template":"","meta":{"footnotes":""},"_links":{"self":[{"href":"https:\/\/societetpm.com\/index.php\/wp-json\/wp\/v2\/pages\/272"}],"collection":[{"href":"https:\/\/societetpm.com\/index.php\/wp-json\/wp\/v2\/pages"}],"about":[{"href":"https:\/\/societetpm.com\/index.php\/wp-json\/wp\/v2\/types\/page"}],"author":[{"embeddable":true,"href":"https:\/\/societetpm.com\/index.php\/wp-json\/wp\/v2\/users\/1"}],"replies":[{"embeddable":true,"href":"https:\/\/societetpm.com\/index.php\/wp-json\/wp\/v2\/comments?post=272"}],"version-history":[{"count":11,"href":"https:\/\/societetpm.com\/index.php\/wp-json\/wp\/v2\/pages\/272\/revisions"}],"predecessor-version":[{"id":860,"href":"https:\/\/societetpm.com\/index.php\/wp-json\/wp\/v2\/pages\/272\/revisions\/860"}],"wp:attachment":[{"href":"https:\/\/societetpm.com\/index.php\/wp-json\/wp\/v2\/media?parent=272"}],"curies":[{"name":"wp","href":"https:\/\/api.w.org\/{rel}","templated":true}]}}